{"id":2761,"date":"2015-02-20T12:09:27","date_gmt":"2015-02-20T17:09:27","guid":{"rendered":"http:\/\/visitaorlandoflorida.info\/destinos\/costa-rica\/"},"modified":"2016-04-08T13:57:15","modified_gmt":"2016-04-08T17:57:15","slug":"guanacaste-costa-rica","status":"publish","type":"page","link":"https:\/\/somosorlando.com\/es\/destinations\/guanacaste-costa-rica\/","title":{"rendered":"Guanacaste, Costa Rica"},"content":{"rendered":"<div class=\"vc_row wpb_row vc_row-fluid facts vc_custom_1423733779336\"><div class=\"wpb_column vc_column_container vc_col-sm-12\"><div class=\"vc_column-inner vc_custom_1423732760542\"><div class=\"wpb_wrapper\"><div class=\"vc_empty_space\"   style=\"height: 2em\" ><span class=\"vc_empty_space_inner\"><\/span><\/div>\n<\/div><\/div><\/div><\/div><div class=\"vc_row wpb_row vc_row-fluid\"><div class=\"wpb_column vc_column_container vc_col-sm-8\"><div class=\"vc_column-inner \"><div class=\"wpb_wrapper\">\n\t<div class=\"wpb_text_column wpb_content_element \" >\n\t\t<div class=\"wpb_wrapper\">\n\t\t\t<p>Guanacaste es una provincia de Costa Rica se encuentra en la parte noroeste del pa\u00eds, a lo largo de la costa del Oc\u00e9ano Pac\u00edfico. Limita con Nicaragua al norte. Al este se encuentra la provincia de Alajuela, y al sureste es la provincia de Puntarenas. Es la m\u00e1s baja densidad de poblaci\u00f3n de todas las provincias de Costa Rica. La provincia tiene una superficie de 10.141 km2 (3.915 millas cuadradas) ya partir de 2010, ten\u00eda una poblaci\u00f3n de 354.154.<\/p>\n<p>La capital de Guanacaste es Liberia. Otras ciudades importantes son Ca\u00f1as y Nicoya.<\/p>\n<p>La provincia se nombra para el \u00e1rbol de guanacaste, tambi\u00e9n conocido como el \u00e1rbol de vaina de la oreja, que es el \u00e1rbol nacional de Costa Rica.<br \/>\nGeograf\u00eda<\/p>\n<p>La provincia est\u00e1 limitada al este por un grupo de volcanes verdes que envueltos forman la Cordillera de Guanacaste y la Cordillera de Tilar\u00e1n. Los r\u00edos que caen fuera de estas monta\u00f1as empinadas fluyen hasta llanuras ondulantes, formando una vasta llanura aluvial drenada por el R\u00edo Tempisque, que desemboca a trav\u00e9s de los humedales pantanosos en de Golfo de Nicoya. El R\u00edo Tempisque define un lado de la forma de cabeza de caballo-Pen\u00ednsula de Nicoya que encierra el golfo hacia el oeste.<\/p>\n<h3><\/h3>\n<h3><div class=\"templatera_shortcode\"><div class=\"vc_row wpb_row vc_row-fluid\"><div class=\"wpb_column vc_column_container vc_col-sm-12\"><div class=\"vc_column-inner \"><div class=\"wpb_wrapper\"><div class=\"vc_empty_space\"   style=\"height: 32px\" ><span class=\"vc_empty_space_inner\"><\/span><\/div>\n<\/div><\/div><\/div><\/div><div class=\"vc_row wpb_row vc_row-fluid wrapper-weekly-special vc_custom_1458941606091 vc_row-has-fill\"><div class=\"wpb_column vc_column_container vc_col-sm-4\"><div class=\"vc_column-inner vc_custom_1458926234837\"><div class=\"wpb_wrapper\"><div class=\"vc_row wpb_row vc_inner vc_row-fluid vc_custom_1457563191918 vc_row-has-fill\"><div class=\"wpb_column vc_column_container vc_col-sm-12\"><div class=\"vc_column-inner vc_custom_1458926007122\"><div class=\"wpb_wrapper\">\n\t<div  class=\"wpb_single_image wpb_content_element vc_align_left  vc_custom_1458926015972  week-special-background\">\n\t\t\n\t\t<figure class=\"wpb_wrapper vc_figure\">\n\t\t\t<div class=\"vc_single_image-wrapper   vc_box_border_grey\"><img class=\"vc_single_image-img \" src=\"https:\/\/somosorlando.com\/wp-content\/uploads\/2015\/11\/backgroundORL-06-400x250.png\" width=\"400\" height=\"250\" alt=\"backgroundORL-06\" title=\"backgroundORL-06\" \/><\/div>\n\t\t<\/figure>\n\t<\/div>\n<\/div><\/div><\/div><\/div><\/div><\/div><\/div><div class=\"wpb_column vc_column_container vc_col-sm-8\"><div class=\"vc_column-inner \"><div class=\"wpb_wrapper\"><div class=\"vc_row wpb_row vc_inner vc_row-fluid block-header vc_custom_1458936350673 vc_row-has-fill\"><div class=\"wpb_column vc_column_container vc_col-sm-8\"><div class=\"vc_column-inner \"><div class=\"wpb_wrapper\"><h1 style=\"line-height: 1em;text-align: center;font-family:Raleway;font-weight:700;font-style:normal\" class=\"vc_custom_heading\" >OFERTA - ORLANDO<\/h1><\/div><\/div><\/div><div class=\"wpb_column vc_column_container vc_col-sm-4\"><div class=\"vc_column-inner \"><div class=\"wpb_wrapper\"><h5 style=\"line-height: 1em;text-align: right;font-family:Raleway;font-weight:400;font-style:normal\" class=\"vc_custom_heading\" >PRECIO<\/h5><h4 style=\"color: #e8a635;line-height: 1em;text-align: right;font-family:Raleway;font-weight:700;font-style:normal\" class=\"vc_custom_heading\" >$1399 \/ Family<\/h4><\/div><\/div><\/div><\/div><div class=\"vc_row wpb_row vc_inner vc_row-fluid block-footer vc_custom_1457563009434\"><div class=\"wpb_column vc_column_container vc_col-sm-3\"><div class=\"vc_column-inner \"><div class=\"wpb_wrapper\"><div class=\"ts-list-item  icon-font-deal  \"  style=\"margin-top: 0px; margin-bottom: 10px; text-align:left;font-size:15px;line-height:15px;color: #000000;\" data-viewport=\"\" data-delay=\"0\" data-animation=\"\" data-opacity=\"1\"><i class=\"ts-list-item-icon ts-font-icon typcn typcn-location \" style=\"color: #7dbd21; width: 30px; height: 30px; font-size: 30px; line-height: 30px;\"><\/i><div class=\"ts-list-item-content \"  style=\"color: #000000; padding-left: 10px;\">5 D\u00edas en Orlando<\/div><\/div><\/div><\/div><\/div><div class=\"wpb_column vc_column_container vc_col-sm-3\"><div class=\"vc_column-inner \"><div class=\"wpb_wrapper\"><div class=\"ts-list-item  icon-font-deal  \"  style=\"margin-top: 0px; margin-bottom: 10px; text-align:left;font-size:15px;line-height:15px;color: #000000;\" data-viewport=\"\" data-delay=\"0\" data-animation=\"\" data-opacity=\"1\"><i class=\"ts-list-item-icon ts-font-icon typcn typcn-location \" style=\"color: #7dbd21; width: 30px; height: 30px; font-size: 30px; line-height: 30px;\"><\/i><div class=\"ts-list-item-content \"  style=\"color: #000000; padding-left: 10px;\">3 D\u00edas en Miami<\/div><\/div><\/div><\/div><\/div><div class=\"wpb_column vc_column_container vc_col-sm-3\"><div class=\"vc_column-inner \"><div class=\"wpb_wrapper\"><div class=\"ts-list-item  icon-font-deal  \"  style=\"margin-top: 0px; margin-bottom: 10px; text-align:left;font-size:15px;line-height:15px;color: #000000;\" data-viewport=\"\" data-delay=\"0\" data-animation=\"\" data-opacity=\"1\"><i class=\"ts-list-item-icon ts-font-icon ts-icomoon-gift \" style=\"color: #af25dd; width: 30px; height: 30px; font-size: 30px; line-height: 30px;\"><\/i><div class=\"ts-list-item-content \"  style=\"color: #000000; padding-left: 10px;\">$150 de Voucher<\/div><\/div><\/div><\/div><\/div><div class=\"wpb_column vc_column_container vc_col-sm-3\"><div class=\"vc_column-inner \"><div class=\"wpb_wrapper\"><div class=\"ts-list-item  icon-font-deal  \"  style=\"margin-top: 0px; margin-bottom: 10px; text-align:left;font-size:15px;line-height:15px;color: #000000;\" data-viewport=\"\" data-delay=\"0\" data-animation=\"\" data-opacity=\"1\"><i class=\"ts-list-item-icon ts-font-icon ts-mapicons-boat-tour \" style=\"color: #1e73be; width: 30px; height: 30px; font-size: 30px; line-height: 30px;\"><\/i><div class=\"ts-list-item-content \"  style=\"color: #000000; padding-left: 10px;\">Crucero hacia Las Bahamas<\/div><\/div><\/div><\/div><\/div><\/div><\/div><\/div><\/div><\/div><div class=\"vc_row wpb_row vc_row-fluid\"><div class=\"wpb_column vc_column_container vc_col-sm-12\"><div class=\"vc_column-inner \"><div class=\"wpb_wrapper\"><div class=\"vc_empty_space\"   style=\"height: 32px\" ><span class=\"vc_empty_space_inner\"><\/span><\/div>\n<\/div><\/div><\/div><\/div>\n<\/div><\/h3>\n<h3><\/h3>\n<h3>Clima<\/h3>\n<p>El clima y la cultura de Guanacaste son \u00fanicos entre las provincias de Costa Rica. La provincia experimenta poca lluvia y calor constante de noviembre a abril, lo que resulta en los bosques secos tropicales ubicuos como una adaptaci\u00f3n natural a las condiciones de la estaci\u00f3n seca. Los turistas buscan este calor seco durante el invierno de Am\u00e9rica del Norte para disfrutar de las playas guanacastecas. El riego de las tierras agr\u00edcolas es necesario durante el largo per\u00edodo seco. De mayo a octubre, el clima es similar a la de San Jos\u00e9, que consta de duchas diarias y temperaturas moderadas. Guanacaste es, sin embargo, considerablemente m\u00e1s caliente que otras provincias situadas en elevaciones m\u00e1s altas.<\/p>\n<h3>Turismo<\/h3>\n<p>Turismo se propaga a trav\u00e9s de 5.921 millas cuadradas de Guanacaste y m\u00e1s de 400 millas de la l\u00ednea de costa. Principales lugares de inter\u00e9s de los turistas incluyen el agua, la tierra, monta\u00f1as, volcanes, y los ecosistemas costeros. Las dos principales \u00e1reas comerciales de Santa Cruz y Liberia con cinco que rodean los centros de desarrollo tur\u00edstico: Papagayo, El Coco, Flamingo, Conchal y Tamarindo. Liberia es el centro de las cinco localidades y se completa con un aeropuerto.<\/p>\n<h3>Demograf\u00eda<\/h3>\n<p>La mayor parte de la poblaci\u00f3n desciende de una mezcla de ind\u00edgenas chorotegas y espa\u00f1oles, con una mezcla africana significativa como resultado de un gran n\u00famero de esclavos que trabajaban la tierra durante el per\u00edodo colonial. Al igual que en Nicaragua y en otras partes de Costa Rica, La cultura Chorotega y la cultura espa\u00f1olas han integrado con \u00e9xito; entre los principales elementos culturales son la m\u00fasica, la literatura tradicional, los instrumentos musicales, las corridas de toros y eventos religiosos.<\/p>\n\n\t\t<\/div>\n\t<\/div>\n<\/div><\/div><\/div><div class=\"wpb_column vc_column_container vc_col-sm-4\"><div class=\"vc_column-inner \"><div class=\"wpb_wrapper\"><h2 style=\"text-align: center\" class=\"vc_custom_heading\" >\u00bfPor qu\u00e9 Guanacaste?<\/h2><div class=\"vc_row wpb_row vc_inner vc_row-fluid\"><div class=\"wpb_column vc_column_container vc_col-sm-4\"><div class=\"vc_column-inner \"><div class=\"wpb_wrapper\"><div id=\"ultimate-heading-384869f088a6945d5\" class=\"uvc-heading ult-adjust-bottom-margin ultimate-heading-384869f088a6945d5 uvc-8605 fact\" data-hspacer=\"icon_only\"  data-halign=\"center\" style=\"text-align:center\"><div class=\"uvc-heading-spacer icon_only\" style=\"margin-bottom:10px;\"><div class=\"ult-just-icon-wrapper  \"><div class=\"align-icon\" style=\"text-align:center;\">\n<div class=\"aio-icon-img \" style=\"font-size:48px;display:inline-block;\" >\n\t<img class=\"img-icon\" alt=\"\" src=\"https:\/\/somosorlando.com\/wp-content\/uploads\/2015\/02\/icon-box-02-1.png\"\/>\n<\/div><\/div><\/div><\/div><div class=\"uvc-main-heading ult-responsive\"  data-ultimate-target='.uvc-heading.ultimate-heading-384869f088a6945d5 h4'  data-responsive-json-new='{\"font-size\":\"\",\"line-height\":\"\"}' ><h4 style=\"font-weight:normal;margin-top:10px;margin-bottom:10px;\">Alojamientos<\/h4><\/div><\/div><\/div><\/div><\/div><div class=\"wpb_column vc_column_container vc_col-sm-4\"><div class=\"vc_column-inner \"><div class=\"wpb_wrapper\"><div id=\"ultimate-heading-959869f088a694ff9\" class=\"uvc-heading ult-adjust-bottom-margin ultimate-heading-959869f088a694ff9 uvc-7448 fact\" data-hspacer=\"icon_only\"  data-halign=\"center\" style=\"text-align:center\"><div class=\"uvc-heading-spacer icon_only\" style=\"margin-bottom:10px;\"><div class=\"ult-just-icon-wrapper  \"><div class=\"align-icon\" style=\"text-align:center;\">\n<div class=\"aio-icon-img \" style=\"font-size:48px;display:inline-block;\" >\n\t<img class=\"img-icon\" alt=\"\" src=\"https:\/\/somosorlando.com\/wp-content\/uploads\/2015\/02\/sep-element-02-1-01.png\"\/>\n<\/div><\/div><\/div><\/div><div class=\"uvc-main-heading ult-responsive\"  data-ultimate-target='.uvc-heading.ultimate-heading-959869f088a694ff9 h4'  data-responsive-json-new='{\"font-size\":\"\",\"line-height\":\"\"}' ><h4 style=\"font-weight:normal;margin-top:10px;margin-bottom:10px;\">Actividades<\/h4><\/div><\/div><\/div><\/div><\/div><div class=\"wpb_column vc_column_container vc_col-sm-4\"><div class=\"vc_column-inner \"><div class=\"wpb_wrapper\"><div id=\"ultimate-heading-427869f088a6959f1\" class=\"uvc-heading ult-adjust-bottom-margin ultimate-heading-427869f088a6959f1 uvc-5571 fact\" data-hspacer=\"icon_only\"  data-halign=\"center\" style=\"text-align:center\"><div class=\"uvc-heading-spacer icon_only\" style=\"margin-bottom:10px;\"><div class=\"ult-just-icon-wrapper  \"><div class=\"align-icon\" style=\"text-align:center;\">\n<div class=\"aio-icon-img \" style=\"font-size:48px;display:inline-block;\" >\n\t<img class=\"img-icon\" alt=\"\" src=\"https:\/\/somosorlando.com\/wp-content\/uploads\/2015\/02\/icon-header-08-2-1.png\"\/>\n<\/div><\/div><\/div><\/div><div class=\"uvc-main-heading ult-responsive\"  data-ultimate-target='.uvc-heading.ultimate-heading-427869f088a6959f1 h4'  data-responsive-json-new='{\"font-size\":\"\",\"line-height\":\"\"}' ><h4 style=\"font-weight:normal;margin-top:10px;margin-bottom:10px;\">Transporte<\/h4><\/div><\/div><\/div><\/div><\/div><\/div>\n\t<div class=\"wpb_text_column wpb_content_element \" >\n\t\t<div class=\"wpb_wrapper\">\n\t\t\t<p>Costa Rica ofrece hoteles que coincidan con los presupuestos, el tama\u00f1o del grupo y el tipo de destino. Encuentra brisas frente al mar, de lujo distintivo, hoteles sostenibles, retiros en las monta\u00f1a y escapadas de luna de miel.<\/p>\n<p>Costa Rica ofrece excursiones y actividades para explorar los hermosos ecosistemas y conectar con la cultura pacifica, donde se puede ir a descubrir fascinantes especies, bosques o relajarse en una de aguas termales calentados por el volcan.<\/p>\n<p>Costa Rica provee muchas opciones para moverse entre los destino &#8211; vuelos nacionales, coches de alquiler ,autobuses, furgonetas privadas, transbordadores, autobuses p\u00fablicos e incluso a caballo.<\/p>\n\n\t\t<\/div>\n\t<\/div>\n<div class=\"vc_empty_space\"   style=\"height: 1.5em\" ><span class=\"vc_empty_space_inner\"><\/span><\/div>\n<div id=\"ultimate-heading-562569f088a695f6b\" class=\"uvc-heading ult-adjust-bottom-margin ultimate-heading-562569f088a695f6b uvc-345 \" data-hspacer=\"no_spacer\"  data-halign=\"center\" style=\"text-align:center\"><div class=\"uvc-heading-spacer no_spacer\" style=\"top\"><\/div><div class=\"uvc-main-heading ult-responsive\"  data-ultimate-target='.uvc-heading.ultimate-heading-562569f088a695f6b h2'  data-responsive-json-new='{\"font-size\":\"\",\"line-height\":\"\"}' ><h2 style=\"font-weight:normal;margin-top:15px;\">Ofertas de Hoy<\/h2><\/div><div class=\"uvc-sub-heading ult-responsive\"  data-ultimate-target='.uvc-heading.ultimate-heading-562569f088a695f6b .uvc-sub-heading '  data-responsive-json-new='{\"font-size\":\"\",\"line-height\":\"\"}'  style=\"font-weight:normal;margin-bottom:10px;\">Disponibilidad Limitada<\/div><\/div><div class=\"vc_separator wpb_content_element vc_separator_align_center vc_sep_width_100 vc_sep_pos_align_center vc_separator_no_text vc_sep_color_grey\" ><span class=\"vc_sep_holder vc_sep_holder_l\"><span  class=\"vc_sep_line\"><\/span><\/span><span class=\"vc_sep_holder vc_sep_holder_r\"><span  class=\"vc_sep_line\"><\/span><\/span>\n<\/div><div id=\"ts-vcsc-image-hover-6564709\" class=\"ts-image-hover-frame ts-imagefloat-center  destinations-page-hover  ts-trigger-hover-adjust\"  style=\"width: 100%; margin-top: 0px; margin-bottom: 0px;\"><div id=\"ts-vcsc-image-hover-6564709-counter\" class=\"ts-fluid-wrapper \" style=\"width: 100%; height: auto;\"><div id=\"ts-vcsc-image-hover-6564709-mask\" class=\"ts-imagehover ts-imagehover-static ts-imagehover-style1 ts-trigger-hover \" data-trigger=\"ts-trigger-hover\" data-closer=\"ts-vcsc-image-hover-6564709-closer\" style=\"width: 100%; height: auto; \"><img src=\"https:\/\/somosorlando.com\/wp-content\/uploads\/2015\/02\/Villas-Sol-display.png\" data-no-lazy=\"1\" alt=\"Villas-Sol-display\" style=\"width: 100%; height: auto;\"\/><div class=\"mask\" style=\" width: 100%; height: 100%; display: block;\"><h2 class=\"ts-image-hover-title\" style=\"   \">Villas Sol<\/h2><div id=\"ts-vcsc-image-hover-6564709-maskcontent\" class=\"maskcontent\" style=\" \">Ba\u00f1ada por el sol del Ocean Pacifico, que ofrece la combinaci\u00f3n perfecta de los servicios y la belleza acompa\u00f1ada con la elegancia y la comodidad.<\/div><a id=\"ts-vcsc-image-hover-6564709-readmore\" style=\"   \" href=\"http:\/\/somosorlando.com\/costa-rica-villas-sol\/\" class=\"info ts-image-hover-button\" target=\"_parent\">Read More<\/a><\/div><\/div><\/div><\/div><\/div><\/div><\/div><\/div>\n","protected":false},"excerpt":{"rendered":"Guanacaste es una provincia de Costa Rica se encuentra en la parte noroeste del pa\u00eds, a lo largo de la costa del Oc\u00e9ano Pac\u00edfico. Limita con Nicaragua al norte. Al este se encuentra la provincia de Alajuela, y al sureste es la provincia de Puntarenas. Es la m\u00e1s baja densidad de poblaci\u00f3n de todas las provincias de Costa Rica. La provincia tiene una superficie de 10.141 km2 (3.915 millas cuadradas) ya partir de 2010, ten\u00eda una poblaci\u00f3n de 354.154. La capital de Guanacaste es Liberia. Otras ciudades importantes son Ca\u00f1as y Nicoya. La provincia se nombra para el \u00e1rbol de [...]","protected":false},"author":1,"featured_media":0,"parent":2139,"menu_order":9,"comment_status":"open","ping_status":"closed","template":"template-full-width-tb.php","meta":[],"_links":{"self":[{"href":"https:\/\/somosorlando.com\/es\/wp-json\/wp\/v2\/pages\/2761"}],"collection":[{"href":"https:\/\/somosorlando.com\/es\/wp-json\/wp\/v2\/pages"}],"about":[{"href":"https:\/\/somosorlando.com\/es\/wp-json\/wp\/v2\/types\/page"}],"author":[{"embeddable":true,"href":"https:\/\/somosorlando.com\/es\/wp-json\/wp\/v2\/users\/1"}],"replies":[{"embeddable":true,"href":"https:\/\/somosorlando.com\/es\/wp-json\/wp\/v2\/comments?post=2761"}],"version-history":[{"count":13,"href":"https:\/\/somosorlando.com\/es\/wp-json\/wp\/v2\/pages\/2761\/revisions"}],"predecessor-version":[{"id":17685,"href":"https:\/\/somosorlando.com\/es\/wp-json\/wp\/v2\/pages\/2761\/revisions\/17685"}],"up":[{"embeddable":true,"href":"https:\/\/somosorlando.com\/es\/wp-json\/wp\/v2\/pages\/2139"}],"wp:attachment":[{"href":"https:\/\/somosorlando.com\/es\/wp-json\/wp\/v2\/media?parent=2761"}],"curies":[{"name":"wp","href":"https:\/\/api.w.org\/{rel}","templated":true}]}}